{"version":"1.0","provider_name":"Fer Abrajan","provider_url":"https:\/\/ferabrajan.com\/portal","author_name":"admin","author_url":"https:\/\/ferabrajan.com\/portal\/author\/admin\/","title":"Se le escapa la capital a Morena - Fer Abrajan","type":"rich","width":600,"height":338,"html":"<blockquote class=\"wp-embedded-content\" data-secret=\"dmPZbIGRrF\"><a href=\"https:\/\/ferabrajan.com\/portal\/2020\/10\/20\/se-le-escapa-la-capital-a-morena\/\">Se le escapa la capital a Morena<\/a><\/blockquote><iframe sandbox=\"allow-scripts\" security=\"restricted\" src=\"https:\/\/ferabrajan.com\/portal\/2020\/10\/20\/se-le-escapa-la-capital-a-morena\/embed\/#?secret=dmPZbIGRrF\" width=\"600\" height=\"338\" title=\"\u00abSe le escapa la capital a Morena\u00bb \u2014 Fer Abrajan\" data-secret=\"dmPZbIGRrF\" frameborder=\"0\" marginwidth=\"0\" marginheight=\"0\" scrolling=\"no\" class=\"wp-embedded-content\"><\/iframe><script>\n\/*! This file is auto-generated *\/\n!function(d,l){\"use strict\";l.querySelector&&d.addEventListener&&\"undefined\"!=typeof URL&&(d.wp=d.wp||{},d.wp.receiveEmbedMessage||(d.wp.receiveEmbedMessage=function(e){var t=e.data;if((t||t.secret||t.message||t.value)&&!\/[^a-zA-Z0-9]\/.test(t.secret)){for(var s,r,n,a=l.querySelectorAll('iframe[data-secret=\"'+t.secret+'\"]'),o=l.querySelectorAll('blockquote[data-secret=\"'+t.secret+'\"]'),c=new RegExp(\"^https?:$\",\"i\"),i=0;i<o.length;i++)o[i].style.display=\"none\";for(i=0;i<a.length;i++)s=a[i],e.source===s.contentWindow&&(s.removeAttribute(\"style\"),\"height\"===t.message?(1e3<(r=parseInt(t.value,10))?r=1e3:~~r<200&&(r=200),s.height=r):\"link\"===t.message&&(r=new URL(s.getAttribute(\"src\")),n=new URL(t.value),c.test(n.protocol))&&n.host===r.host&&l.activeElement===s&&(d.top.location.href=t.value))}},d.addEventListener(\"message\",d.wp.receiveEmbedMessage,!1),l.addEventListener(\"DOMContentLoaded\",function(){for(var e,t,s=l.querySelectorAll(\"iframe.wp-embedded-content\"),r=0;r<s.length;r++)(t=(e=s[r]).getAttribute(\"data-secret\"))||(t=Math.random().toString(36).substring(2,12),e.src+=\"#?secret=\"+t,e.setAttribute(\"data-secret\",t)),e.contentWindow.postMessage({message:\"ready\",secret:t},\"*\")},!1)))}(window,document);\n\/\/# sourceURL=https:\/\/ferabrajan.com\/portal\/wp-includes\/js\/wp-embed.min.js\n<\/script>\n","description":"Desde la \u00faltima elecci\u00f3n extraordinaria de 2019, el triunfo de Luis Miguel Barbosa Huerta como gobernador de Puebla dej\u00f3 un mal sabor de boca entre los morenistas, pues los datos del INE fueron contundentes y reflejaron que en la capital fue el PAN el que se impuso en las urnas. A m\u00e1s de un a\u00f1o de distancia las cosas no han cambiado mucho. O por lo menos eso dice las m\u00e1s reciente encuesta de Massive Caller en cuanto a diputaciones federales, que tambi\u00e9n estar\u00e1n en juego este a\u00f1o. Y es que dicho estudio revela que Morena tiene preferencia electoral en 10 de los 15 distritos federales, cuando en la elecci\u00f3n de 2018 el partido de Andr\u00e9s Manuel L\u00f3pez Obrador gan\u00f3 14 \u00a1Casi el carro completo! Aqu\u00ed lo que llama la atenci\u00f3n no es que Morena y sus partidos aliados pierdan cinco distritos, sino cu\u00e1les perdieron. Se trata de los distritos 6, 9, 11 y 12, todos de la capital poblana; as\u00ed como el distrito 5 con cabecera en San Mart\u00edn Texmelucan. Un dato curioso es que de estos cinco distritos, solo dos diputados federales se han mantenido en el cargo de manera ininterrumpida desde que rindieron protesta: Alejandro Carvajal y Sa\u00fal Huerta, en el 6 y 11, respectivamente. El resto solo llegaron y se fueron. El distrito 9 lo gan\u00f3 Guillermo Ar\u00e9chiga Santamar\u00eda, qui\u00e9n dej\u00f3 su curul el a\u00f1o pasado para convertirse en secretario de Movilidad y Transporte en el gobierno de Miguel Barbosa. En el distrito 5 Lizeth S\u00e1nchez Garc\u00eda hizo lo mismo y dej\u00f3 San L\u00e1zaro para ser secretaria de Bienestar en el gobierno estatal. Pero el que menos dur\u00f3 en el cargo fue Fernando Manzanilla Prieto en el distrito 12, pues desde el gobierno interino lo dej\u00f3 para asumir la titularidad de la Secretar\u00eda de Gobernaci\u00f3n. A diferencia de los dem\u00e1s, Manzanilla regres\u00f3 a su curul tras dejar el gabinete de Barbosa, d\u00f3nde sali\u00f3 en medio de un conflicto que hoy ya es rivalidad cantada con el gobernador. Habr\u00e1 que ver si est\u00e1 tendencia se repite en la capital o los distritos locales. Mientras tanto, ah\u00ed queda la fotograf\u00eda del momento. QUE LOS PRIISTAS NO SE ENGA\u00d1EN Los que no se deben enga\u00f1ar son los priistas poblanos, despu\u00e9s de que el PRI di\u00f3 la campanada en los congresos locales de Hidalgo y Coahuila, en este \u00faltimo, llev\u00e1ndose el carro completo. Si hay alg\u00fan aspirante del PRI que piense que esta historia se puede repetir en Puebla, d\u00edganle que ya se puede ir despertando. Y es que no hay que dejar pasar que en ambos estados los gobernadores Omar Fayad y Miguel \u00c1ngel Riquelme son de extracci\u00f3n priista, y por lo tanto, los m\u00e1s interesados en hacerse del control de sus respectivos congresos. Aqu\u00ed no veo a Barbosa permitiendo al PRI hacerse del control del Poder Legislativo, pero si cediendo algunos espacios si prometen portarse bien para los \u00faltimos tres a\u00f1os de su gobierno. As\u00ed como hasta ahora, con la excepci\u00f3n de Roc\u00edo Garc\u00eda Olmedo, que al igual que su informe legislativo, se cuece aparte. Ya lo dije aqu\u00ed hace unas semanas, el PRI no es oposici\u00f3n en Puebla y juega m\u00e1s cerca de Morena de lo que quisiera su dirigencia nacional. Hasta la pr\u00f3xima. Twitter: Juarez_VH Facebook: Hugo Ju\u00e1rez Correo: v.hugojuarez.h@gmail.com Publicaci\u00f3n Original: https:\/\/www.elsoldepuebla.com.mx\/analisis\/se-le-escapa-la-capital-a-morena-5910694.html"}